{"id":238,"date":"2013-08-12T23:17:10","date_gmt":"2013-08-12T23:17:10","guid":{"rendered":"https:\/\/dac.crp.ufv.br\/?page_id=238"},"modified":"2025-11-07T13:57:30","modified_gmt":"2025-11-07T16:57:30","slug":"menu4","status":"publish","type":"page","link":"https:\/\/dac.crp.ufv.br\/?page_id=238","title":{"rendered":"Servi\u00e7o de Psicologia"},"content":{"rendered":"<p align=\"JUSTIFY\">\u00a0<\/p>\r\n<p align=\"JUSTIFY\">O Servi\u00e7o de Psicologia da Universidade Federal de Vi\u00e7osa \u2013 campus Rio Parana\u00edba desenvolve a\u00e7\u00f5es de promo\u00e7\u00e3o e manuten\u00e7\u00e3o do bem-estar, qualidade de vida e sa\u00fade mental da comunidade universit\u00e1ria.<\/p>\r\n<p align=\"JUSTIFY\">O atendimento em Psicologia proporciona um espa\u00e7o de orienta\u00e7\u00e3o, acolhimento, suporte e\/ou tratamento e pode ser oferecido com interven\u00e7\u00f5es individuais (consultas) ou atividades em grupos.<\/p>\r\n<p align=\"JUSTIFY\">O Servi\u00e7o tamb\u00e9m se disp\u00f5e a prestar suporte em momentos de crise e sempre que necess\u00e1rio contribuir para a solu\u00e7\u00e3o de conflitos e\/ou decis\u00f5es delicadas.\u00a0<\/p>\r\n<p style=\"text-align: left;\" align=\"JUSTIFY\">Toda a comunidade universit\u00e1ria (servidores e estudantes) podem recorrer a assist\u00eancia psicol\u00f3gica, pois o servi\u00e7o \u00e9 gratuito e sigiloso.<\/p>\r\n<p align=\"JUSTIFY\"><strong>Marca\u00e7\u00e3o de Consultas Individuais:<\/strong><\/p>\r\n<p align=\"JUSTIFY\"><a href=\"https:\/\/dac.crp.ufv.br\/wp-content\/uploads\/Tutorial-Atendimento-Psicol\u00f3gico-1.pdf\">TUTORIAL &#8211; COMO AGENDAR CONSULTAS<\/a><\/p>\r\n<h4 align=\"JUSTIFY\"><strong><span style=\"color: #0000ff;\">AGENDAMENTOS\u00a0\u00a0 <\/span><a href=\"http:\/\/atendimentos.crp.ufv.br\">atendimentos.crp.ufv.br<\/a><\/strong><\/h4>\r\n<p><strong>As vagas s\u00e3o liberadas da seguinte forma:\u00a0<\/strong><\/p>\r\n<p><strong>\u00c0s sextas-feiras, \u00e0s 13h30, para segundas, ter\u00e7as e quartas-feiras da semana seguinte.<\/strong><\/p>\r\n<p><strong>\u00c0s quartas-feiras, \u00e0s 13h30, para as quintas e sextas-feiras.<\/strong><\/p>\r\n<p align=\"JUSTIFY\">Elias Marco Veiga Gon\u00e7alves \u2013 CRP: 04\/24639<br \/>elias.marco@ufv.br<br \/>(34) 3855-9397<br \/>Sala: RU 08<\/p>\r\n<h2><span style=\"color: #000080;\"><strong>\u00a0<\/strong><\/span><\/h2>\r\n<h3>\u00a0<\/h3>\r\n<h3>\u00a0<\/h3>\r\n<h2>\u00a0<\/h2>\r\n<h3>\u00a0<\/h3>\r\n<h2>\u00a0<\/h2>\r\n\r\n<p>&nbsp;<\/p>\r\n","protected":false},"excerpt":{"rendered":"<p>\u00a0 O Servi\u00e7o de Psicologia da Universidade Federal de Vi\u00e7osa \u2013 campus Rio Parana\u00edba desenvolve a\u00e7\u00f5es de promo\u00e7\u00e3o e manuten\u00e7\u00e3o do bem-estar, qualidade de vida e sa\u00fade mental da comunidade universit\u00e1ria. O atendimento em Psicologia proporciona um espa\u00e7o de orienta\u00e7\u00e3o, acolhimento, suporte e\/ou tratamento e pode ser oferecido com interven\u00e7\u00f5es individuais (consultas) ou atividades em [&hellip;]<\/p>\n","protected":false},"author":1,"featured_media":0,"parent":0,"menu_order":0,"comment_status":"closed","ping_status":"closed","template":"","meta":{"footnotes":""},"class_list":["post-238","page","type-page","status-publish","hentry"],"_links":{"self":[{"href":"https:\/\/dac.crp.ufv.br\/index.php?rest_route=\/wp\/v2\/pages\/238","targetHints":{"allow":["GET"]}}],"collection":[{"href":"https:\/\/dac.crp.ufv.br\/index.php?rest_route=\/wp\/v2\/pages"}],"about":[{"href":"https:\/\/dac.crp.ufv.br\/index.php?rest_route=\/wp\/v2\/types\/page"}],"author":[{"embeddable":true,"href":"https:\/\/dac.crp.ufv.br\/index.php?rest_route=\/wp\/v2\/users\/1"}],"replies":[{"embeddable":true,"href":"https:\/\/dac.crp.ufv.br\/index.php?rest_route=%2Fwp%2Fv2%2Fcomments&post=238"}],"version-history":[{"count":218,"href":"https:\/\/dac.crp.ufv.br\/index.php?rest_route=\/wp\/v2\/pages\/238\/revisions"}],"predecessor-version":[{"id":3415,"href":"https:\/\/dac.crp.ufv.br\/index.php?rest_route=\/wp\/v2\/pages\/238\/revisions\/3415"}],"wp:attachment":[{"href":"https:\/\/dac.crp.ufv.br\/index.php?rest_route=%2Fwp%2Fv2%2Fmedia&parent=238"}],"curies":[{"name":"wp","href":"https:\/\/api.w.org\/{rel}","templated":true}]}}