{"id":3349,"date":"2025-03-20T16:41:19","date_gmt":"2025-03-20T19:41:19","guid":{"rendered":"https:\/\/dac.crp.ufv.br\/?page_id=3349"},"modified":"2025-10-30T16:21:07","modified_gmt":"2025-10-30T19:21:07","slug":"contatos","status":"publish","type":"page","link":"https:\/\/dac.crp.ufv.br\/?page_id=3349","title":{"rendered":"Contatos"},"content":{"rendered":"\r\n<p>Aline Geysi de Almeida Silva \u2013 Enfermeira<br \/>034 3855 9393<\/p>\r\n<p>Bruno Barbosa de Oliveira \u2013 Diretor de Assuntos Comunit\u00e1rios<br \/>034 3855 9384<\/p>\r\n\r\n\r\n\r\n<p>Elias Marco Veiga Gon\u00e7alves \u2013 Psic\u00f3logo<br \/>034 3855 9397<\/p>\r\n\r\n\r\n\r\n<p>\u00c9rica Fid\u00e9lis Gomes \u2013 Assistente Social<br \/>034 3855 9356<\/p>\r\n\r\n\r\n\r\n<p>Ivonece Adriana Elias \u2013 T\u00e9cnica em Enfermagem<br \/>034 3855 9393<\/p>\r\n\r\n\r\n\r\n<p>Juliana Gomes dos Santos \u2013 Assistente Social<br \/>034 3855 9400<\/p>\r\n\r\n\r\n\r\n<p>Marina Aparecida Braz e Silva \u2013 Assistente Social<br \/>034 3855 9400<\/p>\r\n\r\n\r\n\r\n<p>Mar\u00edlia L\u00e9lis Ribeiro \u2013 Nutricionista<br \/>034 3855 9384<\/p>\r\n\r\n\r\n\r\n<p>Regina de Souza Rocha Queiroz \u2013 Assistente em Administra\u00e7\u00e3o<br \/>034 3855 9385<\/p>\r\n<p>Sidinara Colle \u2013 M\u00e9dica<br \/>034 3855 9324<\/p>\r\n\r\n\r\n\r\n<p>Thamires Sousa Martins \u2013 Assistente em Administra\u00e7\u00e3o<br \/>034 3855 9309<\/p>\r\n\r\n\r\n\r\n\r\n\r\n<p>Washington Martins Pontes \u2013 T\u00e9cnico em Educa\u00e7\u00e3o F\u00edsica<br \/>034 3855 9397<\/p>\r\n\r\n\r\n\r\n<p>&nbsp;<\/p>\r\n","protected":false},"excerpt":{"rendered":"<p>Aline Geysi de Almeida Silva \u2013 Enfermeira034 3855 9393 Bruno Barbosa de Oliveira \u2013 Diretor de Assuntos Comunit\u00e1rios034 3855 9384 Elias Marco Veiga Gon\u00e7alves \u2013 Psic\u00f3logo034 3855 9397 \u00c9rica Fid\u00e9lis Gomes \u2013 Assistente Social034 3855 9356 Ivonece Adriana Elias \u2013 T\u00e9cnica em Enfermagem034 3855 9393 Juliana Gomes dos Santos \u2013 Assistente Social034 3855 9400 Marina [&hellip;]<\/p>\n","protected":false},"author":7,"featured_media":0,"parent":0,"menu_order":0,"comment_status":"closed","ping_status":"closed","template":"","meta":{"footnotes":""},"class_list":["post-3349","page","type-page","status-publish","hentry"],"_links":{"self":[{"href":"https:\/\/dac.crp.ufv.br\/index.php?rest_route=\/wp\/v2\/pages\/3349","targetHints":{"allow":["GET"]}}],"collection":[{"href":"https:\/\/dac.crp.ufv.br\/index.php?rest_route=\/wp\/v2\/pages"}],"about":[{"href":"https:\/\/dac.crp.ufv.br\/index.php?rest_route=\/wp\/v2\/types\/page"}],"author":[{"embeddable":true,"href":"https:\/\/dac.crp.ufv.br\/index.php?rest_route=\/wp\/v2\/users\/7"}],"replies":[{"embeddable":true,"href":"https:\/\/dac.crp.ufv.br\/index.php?rest_route=%2Fwp%2Fv2%2Fcomments&post=3349"}],"version-history":[{"count":5,"href":"https:\/\/dac.crp.ufv.br\/index.php?rest_route=\/wp\/v2\/pages\/3349\/revisions"}],"predecessor-version":[{"id":3408,"href":"https:\/\/dac.crp.ufv.br\/index.php?rest_route=\/wp\/v2\/pages\/3349\/revisions\/3408"}],"wp:attachment":[{"href":"https:\/\/dac.crp.ufv.br\/index.php?rest_route=%2Fwp%2Fv2%2Fmedia&parent=3349"}],"curies":[{"name":"wp","href":"https:\/\/api.w.org\/{rel}","templated":true}]}}